{"id":4441,"date":"2024-08-25T08:59:00","date_gmt":"2024-08-25T08:59:00","guid":{"rendered":"https:\/\/d-carbonize.eu\/?post_type=job&#038;p=4441"},"modified":"2025-11-27T07:13:59","modified_gmt":"2025-11-27T07:13:59","slug":"note-de-mise-a-jour-v1-3-2-outil-carbone","status":"publish","type":"job","link":"https:\/\/d-carbonize.eu\/fr\/job\/release-note-v1-3-2\/","title":{"rendered":"Mise \u00e0 jour V1.3.2"},"content":{"rendered":"<h2 class=\"wp-block-heading\">Acceuil\u00a0<\/h2>\n\n\n\n<p>Vue d\u2019ensemble de la mise en forme des donn\u00e9es pour qu\u2019elle corresponde \u00e0 celle de Measure<\/p>\n\n\n\n<div style=\"height:16px\" aria-hidden=\"true\" class=\"wp-block-spacer\"><\/div>\n\n\n\n<h2 class=\"wp-block-heading\">Questionnaire de saisie de donn\u00e9es\u00a0<\/h2>\n\n\n\n<p>Le questionnaire a \u00e9t\u00e9 mis \u00e0 jour afin de permettre la saisie de nouvelles valeurs :<\/p>\n\n\n\n<ul class=\"wp-block-list\">\n<li>L'incertitude des donn\u00e9es vous permet d'indiquer votre degr\u00e9 de confiance dans la qualit\u00e9 des donn\u00e9es saisies. Le r\u00e9sultat de cette incertitude, combin\u00e9 \u00e0 l'incertitude du facteur d'\u00e9mission, sera refl\u00e9t\u00e9 dans un rapport d\u00e9di\u00e9 dans la section Analyser \u2013 Incertitude.<\/li>\n\n\n\n<li>L'origine des donn\u00e9es vous permet d'indiquer o\u00f9 et comment les donn\u00e9es ont \u00e9t\u00e9 collect\u00e9es.<br><br><\/li>\n<\/ul>\n\n\n\n<p>Les balises et les \u00e9crans de cr\u00e9ation analytique ont \u00e9t\u00e9 d\u00e9plac\u00e9s dans les param\u00e8tres d'organisation et ne sont d\u00e9sormais modifiables que par les administrateurs de votre cockpit.<\/p>\n\n\n\n<div style=\"height:16px\" aria-hidden=\"true\" class=\"wp-block-spacer\"><\/div>\n\n\n\n<h2 class=\"wp-block-heading\">Mesure\u00a0<\/h2>\n\n\n\n<p>Nouveau visuel : affichage par cat\u00e9gorie analytique<\/p>\n\n\n\n<ul class=\"wp-block-list\">\n<li>Afficher par cat\u00e9gorie analytique<\/li>\n\n\n\n<li>Afficher par cat\u00e9gorie du protocole GHG<br><br><\/li>\n<\/ul>\n\n\n\n<p>Tous les visuels de mesure peuvent \u00eatre filtr\u00e9s \u00e0 l'aide des balises attribu\u00e9es \u00e0 chaque donn\u00e9e. Il est d\u00e9sormais possible d'utiliser un mode \u00ab Filtrage de toutes les correspondances \u00bb pour permettre de r\u00e9cup\u00e9rer l'intersection des donn\u00e9es plut\u00f4t que leur union.<\/p>\n\n\n\n<p>Les vues consolid\u00e9es affichent d\u00e9sormais un niveau suppl\u00e9mentaire de regroupement des donn\u00e9es : regroupement par \u00e9tiquettes de facteurs d'\u00e9mission. Elles permettent \u00e9galement de rechercher n'importe quelle \u00e9tiquette ou valeur dans les ensembles de donn\u00e9es affich\u00e9s.<\/p>\n\n\n\n<p>Tous les graphiques de mesure permettent d\u00e9sormais d'exporter des images, des fichiers CSV et XLSX \u00e0 partir d'un menu situ\u00e9 en haut \u00e0 droite. Ce m\u00eame menu permet d'afficher les donn\u00e9es de chaque graphique sous forme de tableau, comme alternative aux graphiques.<\/p>\n\n\n\n<div style=\"height:16px\" aria-hidden=\"true\" class=\"wp-block-spacer\"><\/div>\n\n\n\n<h2 class=\"wp-block-heading\">Rapporter\u00a0<\/h2>\n\n\n\n<p>Le rapport GES rapporte d\u00e9sormais strictement l\u2019\u00e9lectricit\u00e9 en fonction des facteurs d\u2019\u00e9mission bas\u00e9s sur l\u2019emplacement<\/p>\n\n\n\n<div style=\"height:16px\" aria-hidden=\"true\" class=\"wp-block-spacer\"><\/div>\n\n\n\n<h2 class=\"wp-block-heading\">R\u00e9duire\u00a0<\/h2>\n\n\n\n<p>La section \u00ab Plan \u00bb a \u00e9t\u00e9 renomm\u00e9e \u00ab R\u00e9duire \u00bb.<\/p>\n\n\n\n<p>La nouvelle section \u00ab D\u00e9finir des objectifs \u00bb permet d\u00e9sormais de d\u00e9finir des objectifs de r\u00e9duction des \u00e9missions par entit\u00e9 ou par p\u00e9rim\u00e8tre en fonction du plan s\u00e9lectionn\u00e9.<\/p>\n\n\n\n<div style=\"height:16px\" aria-hidden=\"true\" class=\"wp-block-spacer\"><\/div>\n\n\n\n<h2 class=\"wp-block-heading\">Nouveau module : Contribuer\u00a0<\/h2>\n\n\n\n<p>Le module de contribution vous permet de saisir des projets de compensation et de contribution avec un impact et des co\u00fbts en tCO2 afin d\u2019am\u00e9liorer vos pr\u00e9visions.<\/p>\n\n\n\n<div style=\"height:16px\" aria-hidden=\"true\" class=\"wp-block-spacer\"><\/div>\n\n\n\n<h2 class=\"wp-block-heading\">Analyser\u00a0<\/h2>\n\n\n\n<p>Le graphique des pr\u00e9visions a \u00e9t\u00e9 mis \u00e0 jour pour une meilleure lecture de vos pr\u00e9visions, en tenant compte de votre contribution carbone.<\/p>\n\n\n\n<p>Le rapport sur les entit\u00e9s a \u00e9t\u00e9 mis \u00e0 jour pour permettre le filtrage des visuels en interagissant avec les graphiques.<\/p>\n\n\n\n<p>Nouveau visuel : le module s\u2019enrichit d\u2019une nouvelle page de reporting permettant d\u2019analyser votre empreinte carbone, vos facteurs d\u2019\u00e9mission et les incertitudes li\u00e9es \u00e0 la collecte de donn\u00e9es.<\/p>\n\n\n\n<p>Tous les graphiques permettent d\u2019exporter des images, des fichiers csv et des fichiers xlsx.<\/p>\n\n\n\n<p>Tous les graphiques permettent d\u2019afficher leurs donn\u00e9es dans un visuel de tableau.&nbsp;<\/p>\n\n\n\n<div style=\"height:16px\" aria-hidden=\"true\" class=\"wp-block-spacer\"><\/div>\n\n\n\n<h2 class=\"wp-block-heading\">Param\u00e8tres de l\u2019organisation\u00a0<\/h2>\n\n\n\n<p>Il est d\u00e9sormais possible de g\u00e9rer les tags et les cat\u00e9gories analytiques \u00e0 partir des param\u00e8tres de l\u2019organisation. Les balises et les cat\u00e9gories analytiques peuvent d\u00e9sormais \u00eatre li\u00e9es \u00e0 une ou plusieurs entit\u00e9s, de sorte que seules ces entit\u00e9s peuvent les utiliser.\n<br><br>\n+ diverses corrections de bogues et am\u00e9liorations de la s\u00e9curit\u00e9.<\/p>\n\n\n\n<p>Si vous avez des commentaires ou des suggestions concernant notre plateforme, n\u2019h\u00e9sitez pas \u00e0 nous contacter : info@d-carbonize.eu<\/p>","protected":false},"excerpt":{"rendered":"<p>Home\u00a0 Overview data formatting update to display thousands as \u201cK\u201d and millions as \u201cM\u201d. Data input questionnaire\u00a0 The questionnaire has been updated to allow the input ow new values : The tags and analytical creation screens have been deported under organization settings and are now only editable by the administrators of your cockpit. Measure\u00a0 The [&hellip;]<\/p>\n","protected":false},"featured_media":0,"template":"","meta":{"_acf_changed":false},"job-categories":[43],"job-tag":[],"class_list":["post-4441","job","type-job","status-publish","hentry","job-categories-release"],"acf":[],"yoast_head":"<!-- This site is optimized with the Yoast SEO plugin v27.3 - https:\/\/yoast.com\/product\/yoast-seo-wordpress\/ -->\n<title>Release note\u00a0V1.3.2 - D-Carbonize<\/title>\n<meta name=\"description\" content=\"Release note\u00a0V1.3.2\" \/>\n<meta name=\"robots\" content=\"index, follow, max-snippet:-1, max-image-preview:large, max-video-preview:-1\" \/>\n<link rel=\"canonical\" href=\"https:\/\/d-carbonize.eu\/fr\/emploi\/note-de-mise-a-jour-v1-3-2-outil-carbone\/\" \/>\n<meta property=\"og:locale\" content=\"fr_FR\" \/>\n<meta property=\"og:type\" content=\"article\" \/>\n<meta property=\"og:title\" content=\"Release note\u00a0V1.3.2 - D-Carbonize\" \/>\n<meta property=\"og:description\" content=\"Release note\u00a0V1.3.2\" \/>\n<meta property=\"og:url\" content=\"https:\/\/d-carbonize.eu\/fr\/emploi\/note-de-mise-a-jour-v1-3-2-outil-carbone\/\" \/>\n<meta property=\"og:site_name\" content=\"D-Carbonize\" \/>\n<meta property=\"article:modified_time\" content=\"2025-11-27T07:13:59+00:00\" \/>\n<meta name=\"twitter:card\" content=\"summary_large_image\" \/>\n<meta name=\"twitter:label1\" content=\"Dur\u00e9e de lecture estim\u00e9e\" \/>\n\t<meta name=\"twitter:data1\" content=\"3 minutes\" \/>\n<script type=\"application\/ld+json\" class=\"yoast-schema-graph\">{\"@context\":\"https:\\\/\\\/schema.org\",\"@graph\":[{\"@type\":\"WebPage\",\"@id\":\"https:\\\/\\\/d-carbonize.eu\\\/fr\\\/job\\\/release-note-v1-3-2\\\/\",\"url\":\"https:\\\/\\\/d-carbonize.eu\\\/fr\\\/job\\\/release-note-v1-3-2\\\/\",\"name\":\"Release note\u00a0V1.3.2 - D-Carbonize\",\"isPartOf\":{\"@id\":\"https:\\\/\\\/d-carbonize.eu\\\/fr\\\/#website\"},\"datePublished\":\"2024-08-25T08:59:00+00:00\",\"dateModified\":\"2025-11-27T07:13:59+00:00\",\"description\":\"Release note\u00a0V1.3.2\",\"breadcrumb\":{\"@id\":\"https:\\\/\\\/d-carbonize.eu\\\/fr\\\/job\\\/release-note-v1-3-2\\\/#breadcrumb\"},\"inLanguage\":\"fr-FR\",\"potentialAction\":[{\"@type\":\"ReadAction\",\"target\":[\"https:\\\/\\\/d-carbonize.eu\\\/fr\\\/job\\\/release-note-v1-3-2\\\/\"]}]},{\"@type\":\"BreadcrumbList\",\"@id\":\"https:\\\/\\\/d-carbonize.eu\\\/fr\\\/job\\\/release-note-v1-3-2\\\/#breadcrumb\",\"itemListElement\":[{\"@type\":\"ListItem\",\"position\":1,\"name\":\"Home\",\"item\":\"https:\\\/\\\/d-carbonize.eu\\\/\"},{\"@type\":\"ListItem\",\"position\":2,\"name\":\"Jobs\",\"item\":\"https:\\\/\\\/d-carbonize.eu\\\/job\\\/\"},{\"@type\":\"ListItem\",\"position\":3,\"name\":\"Release note\u00a0V1.3.2\"}]},{\"@type\":\"WebSite\",\"@id\":\"https:\\\/\\\/d-carbonize.eu\\\/fr\\\/#website\",\"url\":\"https:\\\/\\\/d-carbonize.eu\\\/fr\\\/\",\"name\":\"D-Carbonize\",\"description\":\"We Empower organisations to reduce their carbon footprint\",\"publisher\":{\"@id\":\"https:\\\/\\\/d-carbonize.eu\\\/fr\\\/#organization\"},\"potentialAction\":[{\"@type\":\"SearchAction\",\"target\":{\"@type\":\"EntryPoint\",\"urlTemplate\":\"https:\\\/\\\/d-carbonize.eu\\\/fr\\\/?s={search_term_string}\"},\"query-input\":{\"@type\":\"PropertyValueSpecification\",\"valueRequired\":true,\"valueName\":\"search_term_string\"}}],\"inLanguage\":\"fr-FR\"},{\"@type\":\"Organization\",\"@id\":\"https:\\\/\\\/d-carbonize.eu\\\/fr\\\/#organization\",\"name\":\"D-Carbonize\",\"url\":\"https:\\\/\\\/d-carbonize.eu\\\/fr\\\/\",\"logo\":{\"@type\":\"ImageObject\",\"inLanguage\":\"fr-FR\",\"@id\":\"https:\\\/\\\/d-carbonize.eu\\\/fr\\\/#\\\/schema\\\/logo\\\/image\\\/\",\"url\":\"https:\\\/\\\/d-carbonize.eu\\\/wp-content\\\/uploads\\\/2025\\\/09\\\/Figure-\u2192-d-carbo_vertical.svg\",\"contentUrl\":\"https:\\\/\\\/d-carbonize.eu\\\/wp-content\\\/uploads\\\/2025\\\/09\\\/Figure-\u2192-d-carbo_vertical.svg\",\"width\":196,\"height\":25,\"caption\":\"D-Carbonize\"},\"image\":{\"@id\":\"https:\\\/\\\/d-carbonize.eu\\\/fr\\\/#\\\/schema\\\/logo\\\/image\\\/\"}}]}<\/script>\n<!-- \/ Yoast SEO plugin. -->","yoast_head_json":{"title":"Mise \u00e0 jour V1.3.2 | D-Carbonize","description":"Mise \u00e0 jour V1.3.2","robots":{"index":"index","follow":"follow","max-snippet":"max-snippet:-1","max-image-preview":"max-image-preview:large","max-video-preview":"max-video-preview:-1"},"canonical":"https:\/\/d-carbonize.eu\/fr\/emploi\/note-de-mise-a-jour-v1-3-2-outil-carbone\/","og_locale":"fr_FR","og_type":"article","og_title":"Release note\u00a0V1.3.2 - D-Carbonize","og_description":"Release note\u00a0V1.3.2","og_url":"https:\/\/d-carbonize.eu\/fr\/emploi\/note-de-mise-a-jour-v1-3-2-outil-carbone\/","og_site_name":"D-Carbonize","article_modified_time":"2025-11-27T07:13:59+00:00","twitter_card":"summary_large_image","twitter_misc":{"Dur\u00e9e de lecture estim\u00e9e":"3 minutes"},"schema":{"@context":"https:\/\/schema.org","@graph":[{"@type":"WebPage","@id":"https:\/\/d-carbonize.eu\/fr\/job\/release-note-v1-3-2\/","url":"https:\/\/d-carbonize.eu\/fr\/job\/release-note-v1-3-2\/","name":"Mise \u00e0 jour V1.3.2 | D-Carbonize","isPartOf":{"@id":"https:\/\/d-carbonize.eu\/fr\/#website"},"datePublished":"2024-08-25T08:59:00+00:00","dateModified":"2025-11-27T07:13:59+00:00","description":"Mise \u00e0 jour V1.3.2","breadcrumb":{"@id":"https:\/\/d-carbonize.eu\/fr\/job\/release-note-v1-3-2\/#breadcrumb"},"inLanguage":"fr-FR","potentialAction":[{"@type":"ReadAction","target":["https:\/\/d-carbonize.eu\/fr\/job\/release-note-v1-3-2\/"]}]},{"@type":"BreadcrumbList","@id":"https:\/\/d-carbonize.eu\/fr\/job\/release-note-v1-3-2\/#breadcrumb","itemListElement":[{"@type":"ListItem","position":1,"name":"Home","item":"https:\/\/d-carbonize.eu\/"},{"@type":"ListItem","position":2,"name":"Jobs","item":"https:\/\/d-carbonize.eu\/job\/"},{"@type":"ListItem","position":3,"name":"Release note\u00a0V1.3.2"}]},{"@type":"WebSite","@id":"https:\/\/d-carbonize.eu\/fr\/#website","url":"https:\/\/d-carbonize.eu\/fr\/","name":"D-Carbonize","description":"Nous donnons aux organisations les moyens de r\u00e9duire leur empreinte carbone","publisher":{"@id":"https:\/\/d-carbonize.eu\/fr\/#organization"},"potentialAction":[{"@type":"SearchAction","target":{"@type":"EntryPoint","urlTemplate":"https:\/\/d-carbonize.eu\/fr\/?s={search_term_string}"},"query-input":{"@type":"PropertyValueSpecification","valueRequired":true,"valueName":"search_term_string"}}],"inLanguage":"fr-FR"},{"@type":"Organization","@id":"https:\/\/d-carbonize.eu\/fr\/#organization","name":"D-Carbonize","url":"https:\/\/d-carbonize.eu\/fr\/","logo":{"@type":"ImageObject","inLanguage":"fr-FR","@id":"https:\/\/d-carbonize.eu\/fr\/#\/schema\/logo\/image\/","url":"https:\/\/d-carbonize.eu\/wp-content\/uploads\/2025\/09\/Figure-\u2192-d-carbo_vertical.svg","contentUrl":"https:\/\/d-carbonize.eu\/wp-content\/uploads\/2025\/09\/Figure-\u2192-d-carbo_vertical.svg","width":196,"height":25,"caption":"D-Carbonize"},"image":{"@id":"https:\/\/d-carbonize.eu\/fr\/#\/schema\/logo\/image\/"}}]}},"_links":{"self":[{"href":"https:\/\/d-carbonize.eu\/fr\/wp-json\/wp\/v2\/job\/4441","targetHints":{"allow":["GET"]}}],"collection":[{"href":"https:\/\/d-carbonize.eu\/fr\/wp-json\/wp\/v2\/job"}],"about":[{"href":"https:\/\/d-carbonize.eu\/fr\/wp-json\/wp\/v2\/types\/job"}],"version-history":[{"count":2,"href":"https:\/\/d-carbonize.eu\/fr\/wp-json\/wp\/v2\/job\/4441\/revisions"}],"predecessor-version":[{"id":12025,"href":"https:\/\/d-carbonize.eu\/fr\/wp-json\/wp\/v2\/job\/4441\/revisions\/12025"}],"wp:attachment":[{"href":"https:\/\/d-carbonize.eu\/fr\/wp-json\/wp\/v2\/media?parent=4441"}],"wp:term":[{"taxonomy":"job-categories","embeddable":true,"href":"https:\/\/d-carbonize.eu\/fr\/wp-json\/wp\/v2\/job-categories?post=4441"},{"taxonomy":"job-tag","embeddable":true,"href":"https:\/\/d-carbonize.eu\/fr\/wp-json\/wp\/v2\/job-tag?post=4441"}],"curies":[{"name":"wp","href":"https:\/\/api.w.org\/{rel}","templated":true}]}}